{"id":2987,"date":"2022-05-18T13:22:29","date_gmt":"2022-05-18T12:22:29","guid":{"rendered":"https:\/\/www.loroparque-fundacion.org\/congreso-papagayos\/?page_id=2987"},"modified":"2026-08-25T11:57:53","modified_gmt":"2026-08-25T10:57:53","slug":"workshop","status":"publish","type":"page","link":"https:\/\/www.congresopapagayos.com\/fr\/workshop\/","title":{"rendered":"Atelier"},"content":{"rendered":"\n<figure class=\"wp-block-table\"><table><tbody><tr><td><\/td><td><\/td><\/tr><tr><td><\/td><td><\/td><\/tr><\/tbody><\/table><\/figure>\n\n\n\n<figure class=\"wp-block-image alignwide size-full\"><img src=\"https:\/\/www.congresopapagayos.com\/wp-content\/uploads\/LOGO-CONGRESO-DE-LOROS-FRANCES-1.png\" alt=\"\" class=\"wp-image-6085\"\/><\/figure>\n\n\n\n<figure class=\"wp-block-table\"><table><tbody><tr><td><\/td><td><\/td><\/tr><tr><td><\/td><td><\/td><\/tr><\/tbody><\/table><\/figure>\n\n\n\n<p class=\"has-text-align-center has-medium-font-size\">Participez \u00e0 une s\u00e9rie d\u2019ateliers interactifs anim\u00e9s par des sp\u00e9cialistes de renomm\u00e9e internationale. Gr\u00e2ce \u00e0 une approche r\u00e9solument pratique, vous approfondirez vos connaissances sur les principaux aspects des soins apport\u00e9s aux perroquets. Chaque journ\u00e9e sera consacr\u00e9e \u00e0 un th\u00e8me essentiel : l\u2019\u00e9levage \u00e0 la main et la gestion, la nutrition ou la sant\u00e9.<\/p>\n\n\n\n<p class=\"has-text-align-center has-medium-font-size\">Ces ateliers favorisent les \u00e9changes, le partage d\u2019exp\u00e9riences et les discussions entre professionnels et passionn\u00e9s, dans une ambiance conviviale et enrichissante.<\/p>\n\n\n\n<div class=\"wp-container-2 wp-block-group\"><div class=\"wp-block-group__inner-container\">\n<div class=\"wp-container-1 wp-block-group\"><div class=\"wp-block-group__inner-container\">\n<hr class=\"wp-block-separator has-text-color has-yellow-color has-css-opacity has-yellow-background-color has-background is-style-wide\"\/>\n<\/div><\/div>\n<\/div><\/div>\n\n\n\n<p class=\"has-text-align-center has-medium-font-size\"><p class=\"has-text-align-center\"><strong>Point de rendez-vous :   LORO PARQUE<\/strong><\/p><\/p>\n\n\n\n<figure class=\"wp-block-table\"><table><tbody><tr><td><\/td><td><\/td><\/tr><tr><td><\/td><td><\/td><\/tr><\/tbody><\/table><\/figure>\n\n\n\n<div class=\"wp-container-19 wp-block-group\"><div class=\"wp-block-group__inner-container\">\n<div class=\"wp-container-3 wp-block-group\"><div class=\"wp-block-group__inner-container\">\n<h3 class=\"has-yellow-color has-text-color\" style=\"font-size:25px\">VENDREDI 18\/09<\/h3>\n\n\n\n<h4 class=\"has-yellow-color has-text-color\" style=\"font-size:25px\">\u00c9LEVAGE \u00c0 LA MAIN ET GESTION<\/h4>\n<\/div><\/div>\n\n\n\n<div class=\"wp-container-6 wp-block-columns\">\n<div class=\"wp-container-4 wp-block-column\" style=\"flex-basis:21%\">\n<p class=\"has-text-align-left\" style=\"font-size:17px\"><strong>10:00 &#8211; 11:00<\/strong><\/p>\n<\/div>\n\n\n\n<div class=\"wp-container-5 wp-block-column\" style=\"flex-basis:79%\">\n<p style=\"font-size:19px\"><strong>Prof. Dr. Matthias Reinschmidt<\/strong><\/p>\n\n\n\n<p style=\"font-size:14px\">Conseils et astuces pour l\u2019\u00e9levage \u00e0 la main des psittacid\u00e9s<\/p>\n<\/div>\n<\/div>\n\n\n\n<div class=\"wp-container-9 wp-block-columns\">\n<div class=\"wp-container-7 wp-block-column\" style=\"flex-basis:21%\">\n<p class=\"has-text-align-left\" style=\"font-size:17px\"><strong>11:00 &#8211; 11:15<\/strong><\/p>\n<\/div>\n\n\n\n<div class=\"wp-container-8 wp-block-column\" style=\"flex-basis:79%\">\n<p style=\"font-size:19px\">| Pause |<\/p>\n<\/div>\n<\/div>\n\n\n\n<div class=\"wp-container-12 wp-block-columns\">\n<div class=\"wp-container-10 wp-block-column\" style=\"flex-basis:21%\">\n<p class=\"has-text-align-left\" style=\"font-size:17px\"><strong>11:15 &#8211; 12:15<\/strong><\/p>\n<\/div>\n\n\n\n<div class=\"wp-container-11 wp-block-column\" style=\"flex-basis:79%\">\n<p style=\"font-size:19px\"><strong><strong>Lubos Tomiska<\/strong><\/strong><\/p>\n\n\n\n<p style=\"font-size:14px\">Gestion des nids et de l\u2019incubation<\/p>\n<\/div>\n<\/div>\n\n\n\n<div class=\"wp-container-15 wp-block-columns\">\n<div class=\"wp-container-13 wp-block-column\" style=\"flex-basis:21%\">\n<p class=\"has-text-align-left\" style=\"font-size:17px\"><strong>12:15 &#8211; 12:30<\/strong><\/p>\n<\/div>\n\n\n\n<div class=\"wp-container-14 wp-block-column\" style=\"flex-basis:79%\">\n<p style=\"font-size:19px\">| Pause |<\/p>\n<\/div>\n<\/div>\n\n\n\n<div class=\"wp-container-18 wp-block-columns\">\n<div class=\"wp-container-16 wp-block-column\" style=\"flex-basis:21%\">\n<p class=\"has-text-align-left\" style=\"font-size:17px\"><strong>12:30 &#8211; 13:30<\/strong><\/p>\n<\/div>\n\n\n\n<div class=\"wp-container-17 wp-block-column\" style=\"flex-basis:79%\">\n<p style=\"font-size:19px\"><strong><strong>Heike Mundt<\/strong><\/strong><\/p>\n\n\n\n<p style=\"font-size:14px\">40 ans d\u2019exp\u00e9rience dans l\u2019\u00e9levage \u00e0 la main : r\u00e9ussites et erreurs<\/p>\n<\/div>\n<\/div>\n<\/div><\/div>\n\n\n\n<hr class=\"wp-block-separator has-text-color has-background has-yellow-background-color has-yellow-color is-style-wide\" id=\"block-1bb1e594-a100-4ba3-9efe-6779389a9a74\"\/>\n\n\n\n<h4 class=\"has-yellow-color has-text-color\" id=\"block-585421df-11e6-4004-81f8-046ad90b9ae4\" style=\"font-size:25px\">SAMEDI 19\/09<\/h4>\n\n\n\n<h4 class=\"has-yellow-color has-text-color\" id=\"block-aa08f10e-3f2b-4a16-b476-db9ee3bf9a8e\" style=\"font-size:25px\">NUTRITION<\/h4>\n\n\n\n<div class=\"wp-container-22 wp-block-columns\">\n<div class=\"wp-container-20 wp-block-column\" style=\"flex-basis:21%\">\n<p style=\"font-size:17px\"><meta charset=\"utf-8\"><strong>10:00 &#8211; 11:00<\/strong><\/p>\n<\/div>\n\n\n\n<div class=\"wp-container-21 wp-block-column\" style=\"flex-basis:79%\">\n<p id=\"block-539318ec-ab98-4417-bab4-02d68e24cb6d\" style=\"font-size:19px\"><strong><strong>Rafael Zamora<\/strong><\/strong><\/p>\n\n\n\n<p id=\"block-3eedb2ae-296f-419e-b949-5bd2829820b1\" style=\"font-size:14px\">Comprendre la nutrition des psittacid\u00e9s<\/p>\n<\/div>\n<\/div>\n\n\n\n<div class=\"wp-container-25 wp-block-columns\">\n<div class=\"wp-container-23 wp-block-column\" style=\"flex-basis:21%\">\n<p style=\"font-size:17px\"><meta charset=\"utf-8\"><strong>11:00- 11:15<\/strong><\/p>\n<\/div>\n\n\n\n<div class=\"wp-container-24 wp-block-column\" style=\"flex-basis:79%\">\n<p id=\"block-9a8bd6ee-a5b2-42e3-baa4-7fb964d063d6\" style=\"font-size:19px\">| Pause |<\/p>\n<\/div>\n<\/div>\n\n\n\n<div class=\"wp-container-28 wp-block-columns\">\n<div class=\"wp-container-26 wp-block-column\" style=\"flex-basis:21%\">\n<p style=\"font-size:17px\"><meta charset=\"utf-8\"><strong>11:15- 12:15<\/strong><\/p>\n<\/div>\n\n\n\n<div class=\"wp-container-27 wp-block-column\" style=\"flex-basis:79%\">\n<p style=\"font-size:19px\"><meta charset=\"utf-8\"><strong>Dr. Patrick Ghysels<\/strong>&nbsp;<\/p>\n\n\n\n<p style=\"font-size:14px\"><meta charset=\"utf-8\"><em><em><em>&nbsp;<\/em><\/em><\/em>Les probl\u00e8mes nutritionnelles chez les psittacid\u00e9s <\/p>\n<\/div>\n<\/div>\n\n\n\n<div class=\"wp-container-31 wp-block-columns\">\n<div class=\"wp-container-29 wp-block-column\" style=\"flex-basis:21%\">\n<p style=\"font-size:17px\"><strong>12:15- 12:30<\/strong><\/p>\n<\/div>\n\n\n\n<div class=\"wp-container-30 wp-block-column\" style=\"flex-basis:79%\">\n<p style=\"font-size:19px\">| Pause |<\/p>\n<\/div>\n<\/div>\n\n\n\n<div class=\"wp-container-34 wp-block-columns\">\n<div class=\"wp-container-32 wp-block-column\" style=\"flex-basis:21%\">\n<p style=\"font-size:17px\"><strong>12:30- 13:30<\/strong><\/p>\n<\/div>\n\n\n\n<div class=\"wp-container-33 wp-block-column\" style=\"flex-basis:79%\">\n<p style=\"font-size:19px\"><strong><strong>Marcia Weinzettl<\/strong><\/strong><\/p>\n\n\n\n<p style=\"font-size:14px\">Aspects pratiques de gestion de la nutrition des psittacid\u00e9s en \u00e9levage<\/p>\n<\/div>\n<\/div>\n\n\n\n<hr class=\"wp-block-separator has-text-color has-yellow-color has-css-opacity has-yellow-background-color has-background is-style-wide\"\/>\n\n\n\n<h4 class=\"has-yellow-color has-text-color\" style=\"font-size:25px\"><meta charset=\"utf-8\">DIMANCHE 20\/09<\/h4>\n\n\n\n<h4 class=\"has-yellow-color has-text-color\" style=\"font-size:25px\"><meta charset=\"utf-8\">MALADIES, PR\u00c9VENTION ET TRAITEMENTS<\/h4>\n\n\n\n<div class=\"wp-container-37 wp-block-columns\">\n<div class=\"wp-container-35 wp-block-column\" style=\"flex-basis:21%\">\n<p style=\"font-size:17px\"><strong>10:00 &#8211; 11:00<\/strong><\/p>\n<\/div>\n\n\n\n<div class=\"wp-container-36 wp-block-column\" style=\"flex-basis:79%\">\n<p id=\"block-84e743e4-a422-426d-936e-462fa2be2728\" style=\"font-size:19px\"><strong>Prof. Dr. Michael Lierz<\/strong><\/p>\n\n\n\n<p id=\"block-40c65472-a5f3-44e5-be30-8991acea0980\" style=\"font-size:14px\">Gestion v\u00e9t\u00e9rinaire des groupes reproducteurs<\/p>\n<\/div>\n<\/div>\n\n\n\n<div class=\"wp-container-40 wp-block-columns\">\n<div class=\"wp-container-38 wp-block-column\" style=\"flex-basis:21%\">\n<p style=\"font-size:17px\"><strong>11:00 &#8211; 11:15<\/strong><\/p>\n<\/div>\n\n\n\n<div class=\"wp-container-39 wp-block-column\" style=\"flex-basis:79%\">\n<p style=\"font-size:19px\"><meta charset=\"utf-8\">| Pause |<\/p>\n<\/div>\n<\/div>\n\n\n\n<div class=\"wp-container-43 wp-block-columns\">\n<div class=\"wp-container-41 wp-block-column\" style=\"flex-basis:21%\">\n<p style=\"font-size:17px\"><strong>11:15 &#8211; 12:15<\/strong><\/p>\n<\/div>\n\n\n\n<div class=\"wp-container-42 wp-block-column\" style=\"flex-basis:79%\">\n<p id=\"block-84e743e4-a422-426d-936e-462fa2be2728\" style=\"font-size:19px\"><strong>Richard Heidrich<\/strong><\/p>\n\n\n\n<p id=\"block-40c65472-a5f3-44e5-be30-8991acea0980\" style=\"font-size:14px\">N\u00e9onatologie aviaire : pathologies fr\u00e9quentes et traitement \u2013 Pourquoi le diagnostic est-il si difficile chez les jeunes oiseaux ?<\/p>\n<\/div>\n<\/div>\n\n\n\n<div class=\"wp-container-46 wp-block-columns\">\n<div class=\"wp-container-44 wp-block-column\" style=\"flex-basis:21%\">\n<p style=\"font-size:17px\"><strong>12:15 &#8211; 12:30<\/strong><\/p>\n<\/div>\n\n\n\n<div class=\"wp-container-45 wp-block-column\" style=\"flex-basis:79%\">\n<p id=\"block-84e743e4-a422-426d-936e-462fa2be2728\" style=\"font-size:19px\">| Pause |<\/p>\n<\/div>\n<\/div>\n\n\n\n<div class=\"wp-container-49 wp-block-columns\">\n<div class=\"wp-container-47 wp-block-column\" style=\"flex-basis:21%\">\n<p style=\"font-size:17px\"><strong>12:30 &#8211; 13:30<\/strong><\/p>\n<\/div>\n\n\n\n<div class=\"wp-container-48 wp-block-column\" style=\"flex-basis:79%\">\n<p id=\"block-84e743e4-a422-426d-936e-462fa2be2728\" style=\"font-size:19px\"><strong><strong>Dr. Isabelle Kalmar<\/strong><\/strong>  <strong>VERSELE<\/strong><\/p>\n\n\n\n<p id=\"block-40c65472-a5f3-44e5-be30-8991acea0980\" style=\"font-size:14px\">Le r\u00f4le de la nutrition et la sant\u00e9 des psittacid\u00e9s : des maladies li\u00e9es \u00e0 l\u2019alimentation \u00e0 la modulation de la susceptibilit\u00e9 aux maladies infectieuses<\/p>\n<\/div>\n<\/div>\n\n\n\n<hr class=\"wp-block-separator has-css-opacity\"\/>\n\n\n\n<p class=\"has-text-align-center\">Le programme est susceptible d\u2019\u00eatre modifi\u00e9.<\/p>\n\n\n\n<p class=\"has-text-align-center\">Les ateliers se d\u00e9rouleront exclusivement en anglais.<\/p>\n","protected":false},"excerpt":{"rendered":"<p>Participez \u00e0 une s\u00e9rie d\u2019ateliers interactifs anim\u00e9s par des sp\u00e9cialistes de renomm\u00e9e internationale. Gr\u00e2ce \u00e0 une approche r\u00e9solument pratique, vous<\/p>\n","protected":false},"author":2,"featured_media":5893,"parent":0,"menu_order":0,"comment_status":"closed","ping_status":"closed","template":"templates\/programme.php","meta":{"inline_featured_image":false,"_price":"","_stock":"","_tribe_ticket_header":"","_tribe_default_ticket_provider":"","_tribe_ticket_capacity":"0","_ticket_start_date":"","_ticket_end_date":"","_tribe_ticket_show_description":"","_tribe_ticket_show_not_going":false,"_tribe_ticket_use_global_stock":"","_tribe_ticket_global_stock_level":"","_global_stock_mode":"","_global_stock_cap":"","_tribe_rsvp_for_event":"","_tribe_ticket_going_count":"","_tribe_ticket_not_going_count":"","_tribe_tickets_list":[],"_tribe_ticket_has_attendee_info_fields":false},"yoast_head":"<!-- This site is optimized with the Yoast SEO plugin v18.5.1 - https:\/\/yoast.com\/wordpress\/plugins\/seo\/ -->\n<title>Atelier - XI Congreso de Papagayos de Tenerife<\/title>\n<meta name=\"description\" content=\"Explore a range of interactive workshops led by experts, designed to provide hands-on experience and deep insights into parrot care\" \/>\n<meta name=\"robots\" content=\"index, follow, max-snippet:-1, max-image-preview:large, max-video-preview:-1\" \/>\n<link rel=\"canonical\" href=\"https:\/\/www.congresopapagayos.com\/fr\/workshop\/\" \/>\n<meta property=\"og:locale\" content=\"fr_FR\" \/>\n<meta property=\"og:type\" content=\"article\" \/>\n<meta property=\"og:title\" content=\"Atelier - XI Congreso de Papagayos de Tenerife\" \/>\n<meta property=\"og:description\" content=\"Explore a range of interactive workshops led by experts, designed to provide hands-on experience and deep insights into parrot care\" \/>\n<meta property=\"og:url\" content=\"https:\/\/www.congresopapagayos.com\/fr\/workshop\/\" \/>\n<meta property=\"og:site_name\" content=\"XI Congreso de Papagayos de Tenerife\" \/>\n<meta property=\"article:modified_time\" content=\"2026-08-25T10:57:53+00:00\" \/>\n<meta name=\"twitter:card\" content=\"summary_large_image\" \/>\n<meta name=\"twitter:image\" content=\"https:\/\/www.congresopapagayos.com\/wp-content\/uploads\/FONDO1-1-scaled.webp\" \/>\n<meta name=\"twitter:label1\" content=\"Dur\u00e9e de lecture estim\u00e9e\" \/>\n\t<meta name=\"twitter:data1\" content=\"2 minutes\" \/>\n<script type=\"application\/ld+json\" class=\"yoast-schema-graph\">{\"@context\":\"https:\/\/schema.org\",\"@graph\":[{\"@type\":\"WebSite\",\"@id\":\"https:\/\/www.congresopapagayos.com\/#website\",\"url\":\"https:\/\/www.congresopapagayos.com\/\",\"name\":\"XI Congreso de Papagayos de Tenerife\",\"description\":\"XI Congreso de Papagayos de Tenerife 2026\",\"potentialAction\":[{\"@type\":\"SearchAction\",\"target\":{\"@type\":\"EntryPoint\",\"urlTemplate\":\"https:\/\/www.congresopapagayos.com\/?s={search_term_string}\"},\"query-input\":\"required name=search_term_string\"}],\"inLanguage\":\"fr-FR\"},{\"@type\":\"ImageObject\",\"@id\":\"https:\/\/www.congresopapagayos.com\/fr\/workshop\/#primaryimage\",\"inLanguage\":\"fr-FR\",\"url\":\"https:\/\/www.congresopapagayos.com\/wp-content\/uploads\/FONDO1-1-scaled.webp\",\"contentUrl\":\"https:\/\/www.congresopapagayos.com\/wp-content\/uploads\/FONDO1-1-scaled.webp\",\"width\":1540,\"height\":2560},{\"@type\":\"WebPage\",\"@id\":\"https:\/\/www.congresopapagayos.com\/fr\/workshop\/#webpage\",\"url\":\"https:\/\/www.congresopapagayos.com\/fr\/workshop\/\",\"name\":\"Atelier - XI Congreso de Papagayos de Tenerife\",\"isPartOf\":{\"@id\":\"https:\/\/www.congresopapagayos.com\/#website\"},\"primaryImageOfPage\":{\"@id\":\"https:\/\/www.congresopapagayos.com\/fr\/workshop\/#primaryimage\"},\"datePublished\":\"2022-05-18T12:22:29+00:00\",\"dateModified\":\"2026-08-25T10:57:53+00:00\",\"description\":\"Explore a range of interactive workshops led by experts, designed to provide hands-on experience and deep insights into parrot care\",\"breadcrumb\":{\"@id\":\"https:\/\/www.congresopapagayos.com\/fr\/workshop\/#breadcrumb\"},\"inLanguage\":\"fr-FR\",\"potentialAction\":[{\"@type\":\"ReadAction\",\"target\":[\"https:\/\/www.congresopapagayos.com\/fr\/workshop\/\"]}]},{\"@type\":\"BreadcrumbList\",\"@id\":\"https:\/\/www.congresopapagayos.com\/fr\/workshop\/#breadcrumb\",\"itemListElement\":[{\"@type\":\"ListItem\",\"position\":1,\"name\":\"Atelier\"}]}]}<\/script>\n<!-- \/ Yoast SEO plugin. -->","yoast_head_json":{"title":"Atelier - XI Congreso de Papagayos de Tenerife","description":"Explore a range of interactive workshops led by experts, designed to provide hands-on experience and deep insights into parrot care","robots":{"index":"index","follow":"follow","max-snippet":"max-snippet:-1","max-image-preview":"max-image-preview:large","max-video-preview":"max-video-preview:-1"},"canonical":"https:\/\/www.congresopapagayos.com\/fr\/workshop\/","og_locale":"fr_FR","og_type":"article","og_title":"Atelier - XI Congreso de Papagayos de Tenerife","og_description":"Explore a range of interactive workshops led by experts, designed to provide hands-on experience and deep insights into parrot care","og_url":"https:\/\/www.congresopapagayos.com\/fr\/workshop\/","og_site_name":"XI Congreso de Papagayos de Tenerife","article_modified_time":"2026-08-25T10:57:53+00:00","twitter_card":"summary_large_image","twitter_image":"https:\/\/www.congresopapagayos.com\/wp-content\/uploads\/FONDO1-1-scaled.webp","twitter_misc":{"Dur\u00e9e de lecture estim\u00e9e":"2 minutes"},"schema":{"@context":"https:\/\/schema.org","@graph":[{"@type":"WebSite","@id":"https:\/\/www.congresopapagayos.com\/#website","url":"https:\/\/www.congresopapagayos.com\/","name":"XI Congreso de Papagayos de Tenerife","description":"XI Congreso de Papagayos de Tenerife 2026","potentialAction":[{"@type":"SearchAction","target":{"@type":"EntryPoint","urlTemplate":"https:\/\/www.congresopapagayos.com\/?s={search_term_string}"},"query-input":"required name=search_term_string"}],"inLanguage":"fr-FR"},{"@type":"ImageObject","@id":"https:\/\/www.congresopapagayos.com\/fr\/workshop\/#primaryimage","inLanguage":"fr-FR","url":"https:\/\/www.congresopapagayos.com\/wp-content\/uploads\/FONDO1-1-scaled.webp","contentUrl":"https:\/\/www.congresopapagayos.com\/wp-content\/uploads\/FONDO1-1-scaled.webp","width":1540,"height":2560},{"@type":"WebPage","@id":"https:\/\/www.congresopapagayos.com\/fr\/workshop\/#webpage","url":"https:\/\/www.congresopapagayos.com\/fr\/workshop\/","name":"Atelier - XI Congreso de Papagayos de Tenerife","isPartOf":{"@id":"https:\/\/www.congresopapagayos.com\/#website"},"primaryImageOfPage":{"@id":"https:\/\/www.congresopapagayos.com\/fr\/workshop\/#primaryimage"},"datePublished":"2022-05-18T12:22:29+00:00","dateModified":"2026-08-25T10:57:53+00:00","description":"Explore a range of interactive workshops led by experts, designed to provide hands-on experience and deep insights into parrot care","breadcrumb":{"@id":"https:\/\/www.congresopapagayos.com\/fr\/workshop\/#breadcrumb"},"inLanguage":"fr-FR","potentialAction":[{"@type":"ReadAction","target":["https:\/\/www.congresopapagayos.com\/fr\/workshop\/"]}]},{"@type":"BreadcrumbList","@id":"https:\/\/www.congresopapagayos.com\/fr\/workshop\/#breadcrumb","itemListElement":[{"@type":"ListItem","position":1,"name":"Atelier"}]}]}},"_links":{"self":[{"href":"https:\/\/www.congresopapagayos.com\/fr\/wp-json\/wp\/v2\/pages\/2987"}],"collection":[{"href":"https:\/\/www.congresopapagayos.com\/fr\/wp-json\/wp\/v2\/pages"}],"about":[{"href":"https:\/\/www.congresopapagayos.com\/fr\/wp-json\/wp\/v2\/types\/page"}],"author":[{"embeddable":true,"href":"https:\/\/www.congresopapagayos.com\/fr\/wp-json\/wp\/v2\/users\/2"}],"replies":[{"embeddable":true,"href":"https:\/\/www.congresopapagayos.com\/fr\/wp-json\/wp\/v2\/comments?post=2987"}],"version-history":[{"count":32,"href":"https:\/\/www.congresopapagayos.com\/fr\/wp-json\/wp\/v2\/pages\/2987\/revisions"}],"predecessor-version":[{"id":8193,"href":"https:\/\/www.congresopapagayos.com\/fr\/wp-json\/wp\/v2\/pages\/2987\/revisions\/8193"}],"wp:featuredmedia":[{"embeddable":true,"href":"https:\/\/www.congresopapagayos.com\/fr\/wp-json\/wp\/v2\/media\/5893"}],"wp:attachment":[{"href":"https:\/\/www.congresopapagayos.com\/fr\/wp-json\/wp\/v2\/media?parent=2987"}],"curies":[{"name":"wp","href":"https:\/\/api.w.org\/{rel}","templated":true}]}}